{"id":2128,"date":"2025-07-03T07:49:47","date_gmt":"2025-07-03T07:49:47","guid":{"rendered":"https:\/\/wgl-dsites.net\/vireon\/?page_id=2128"},"modified":"2026-08-31T08:41:50","modified_gmt":"2026-08-31T08:41:50","slug":"orthopedic-doctors","status":"publish","type":"page","link":"https:\/\/www.centre-ortho.ch\/en\/orthopedic-doctors\/","title":{"rendered":"Orthopedic Doctors"},"content":{"rendered":"<div data-elementor-type=\"wp-page\" data-elementor-id=\"2128\" class=\"elementor elementor-2128\" data-elementor-post-type=\"page\">\n\t\t\t\t<div class=\"elementor-element elementor-element-49be77b e-flex e-con-boxed e-con e-parent\" data-id=\"49be77b\" data-element_type=\"container\" data-e-type=\"container\">\n\t\t\t\t\t<div class=\"e-con-inner\">\n\t\t\t\t<div class=\"elementor-element elementor-element-f53e1d3 elementor-widget elementor-widget-spacer\" data-id=\"f53e1d3\" data-element_type=\"widget\" data-e-type=\"widget\" data-widget_type=\"spacer.default\">\n\t\t\t\t\t\t\t<div class=\"elementor-spacer\">\n\t\t\t<div class=\"elementor-spacer-inner\"><\/div>\n\t\t<\/div>\n\t\t\t\t\t\t<\/div>\n\t\t\t\t<div class=\"elementor-element elementor-element-5a60299 aleft elementor-widget elementor-widget-wgl-double-heading\" data-id=\"5a60299\" data-element_type=\"widget\" data-e-type=\"widget\" data-widget_type=\"wgl-double-heading.default\">\n\t\t\t\t<div class=\"elementor-widget-container\">\n\t\t\t\t\t<div class=\"wgl-double-heading\"><h3 class=\"dblh__title-wrapper\"><span class=\"dblh__title dblh__title-1\"><span>Our medical team:<\/span><\/span><span class=\"dblh__title dblh__title-2\"><span>Excellence at the service of your health<\/span><\/span><\/h3><\/div>\t\t\t\t<\/div>\n\t\t\t\t<\/div>\n\t\t\t\t<div class=\"elementor-element elementor-element-70739e7 elementor-widget__width-initial elementor-widget elementor-widget-text-editor\" data-id=\"70739e7\" data-element_type=\"widget\" data-e-type=\"widget\" data-widget_type=\"text-editor.default\">\n\t\t\t\t\t\t\t\t\t<p>Le Centre Orthop\u00e9dique d&rsquo;Ouchy r\u00e9unit une \u00e9quipe pluridisciplinaire, alliant expertise clinique de pointe et engagement dans la recherche m\u00e9dicale. Chacun de nos praticiens apporte une comp\u00e9tence sp\u00e9cifique dans le traitement des pathologies de l&rsquo;\u00e9paule, du genou, de la hanche, du pied et du rachis.<\/p>\t\t\t\t\t\t\t\t<\/div>\n\t\t\t\t\t<\/div>\n\t\t\t\t<\/div>\n\t\t<div class=\"elementor-element elementor-element-03f2a88 elementor-hidden-desktop elementor-hidden-tablet e-flex e-con-boxed e-con e-parent\" data-id=\"03f2a88\" data-element_type=\"container\" data-e-type=\"container\">\n\t\t\t\t\t<div class=\"e-con-inner\">\n\t\t\t\t<div class=\"elementor-element elementor-element-ae80cf6 aleft elementor-widget-icon-box wgl-icon-box elementor-widget elementor-widget-wgl-button\" data-id=\"ae80cf6\" data-element_type=\"widget\" data-e-type=\"widget\" data-widget_type=\"wgl-button.default\">\n\t\t\t\t<div class=\"elementor-widget-container\">\n\t\t\t\t\t<a class=\"wgl-button  align-icon-left\" href=\"\/en\/consultation\/\" role=\"button\"><div class=\"button__content\"><span class=\"media-wrapper icon-wrapper\"><span class=\"wgl-icon\" ><span class=\"icon elementor-icon\"><svg xmlns=\"http:\/\/www.w3.org\/2000\/svg\" height=\"24px\" viewbox=\"0 -960 960 960\" width=\"24px\" fill=\"#1f1f1f\"><path d=\"M360-300q-42 0-71-29t-29-71q0-42 29-71t71-29q42 0 71 29t29 71q0 42-29 71t-71 29ZM200-80q-33 0-56.5-23.5T120-160v-560q0-33 23.5-56.5T200-800h40v-80h80v80h320v-80h80v80h40q33 0 56.5 23.5T840-720v560q0 33-23.5 56.5T760-80H200Zm0-80h560v-400H200v400Zm0-480h560v-80H200v80Zm0 0v-80 80Z\"><\/path><\/svg><\/span><\/span><\/span><span class=\"button__text\">Online appointments<\/span><\/div><\/a>\t\t\t\t<\/div>\n\t\t\t\t<\/div>\n\t\t\t\t\t<\/div>\n\t\t\t\t<\/div>\n\t\t<div class=\"elementor-element elementor-element-62c4d91 e-flex e-con-boxed e-con e-parent\" data-id=\"62c4d91\" data-element_type=\"container\" data-e-type=\"container\">\n\t\t\t\t\t<div class=\"e-con-inner\">\n\t\t\t\t<div class=\"elementor-element elementor-element-2780927 acenter page-medecins elementor-widget elementor-widget-wgl-team\" data-id=\"2780927\" data-element_type=\"widget\" data-e-type=\"widget\" data-settings=\"{&quot;posts_per_row&quot;:&quot;3&quot;,&quot;posts_per_row_tablet&quot;:&quot;2&quot;,&quot;posts_per_row_mobile&quot;:&quot;1&quot;,&quot;posts_gap&quot;:{&quot;unit&quot;:&quot;px&quot;,&quot;size&quot;:30,&quot;sizes&quot;:[]},&quot;posts_gap_tablet&quot;:{&quot;unit&quot;:&quot;px&quot;,&quot;size&quot;:&quot;&quot;,&quot;sizes&quot;:[]},&quot;posts_gap_mobile&quot;:{&quot;unit&quot;:&quot;px&quot;,&quot;size&quot;:&quot;&quot;,&quot;sizes&quot;:[]}}\" data-widget_type=\"wgl-team.default\">\n\t\t\t\t<div class=\"elementor-widget-container\">\n\t\t\t\t\t<section class=\"wgl_module_team\"><div class=\"team__members\"><article class=\"team__member\"><div class=\"member__wrapper\"><div class=\"member__media\"><a href=\"https:\/\/www.centre-ortho.ch\/en\/team\/dr-christophe-sadowski\/\" class=\"member__thumbnail\"><img decoding=\"async\" src=\"https:\/\/www.centre-ortho.ch\/wp-content\/uploads\/2026\/07\/sadowski_profil-740x800.jpg\" class=\"thumbnail__featured\" alt=\"\"><\/a><\/div><div class=\"member__info-wrapper\"><div class=\"member__info\"><div class=\"member__info-header\"><h2 class=\"member__name\"><a href=\"https:\/\/www.centre-ortho.ch\/en\/team\/dr-christophe-sadowski\/\">Dr. Christophe Sadowski<\/a><\/h2><\/div><div class=\"member__info-footer\"><div class=\"member__highlighted\">Lower limb surgery<\/div><\/div><\/div><\/div><\/div><\/article><article class=\"team__member\"><div class=\"member__wrapper\"><div class=\"member__media\"><a href=\"https:\/\/www.centre-ortho.ch\/en\/team\/dr-christian-ciobotaru\/\" class=\"member__thumbnail\"><img decoding=\"async\" src=\"https:\/\/www.centre-ortho.ch\/wp-content\/uploads\/2026\/05\/photo_ciobotaru_HQ-scaled-740x800.jpg\" class=\"thumbnail__featured\" alt=\"\"><\/a><\/div><div class=\"member__info-wrapper\"><div class=\"member__info\"><div class=\"member__info-header\"><h2 class=\"member__name\"><a href=\"https:\/\/www.centre-ortho.ch\/en\/team\/dr-christian-ciobotaru\/\">Dr. Cristian Ciobotaru<\/a><\/h2><\/div><div class=\"member__info-footer\"><div class=\"member__highlighted\">General orthopedics<\/div><\/div><\/div><\/div><\/div><\/article><article class=\"team__member\"><div class=\"member__wrapper\"><div class=\"member__media\"><a href=\"https:\/\/www.centre-ortho.ch\/en\/team\/dr-jacques-vallotton\/\" class=\"member__thumbnail\"><img decoding=\"async\" src=\"https:\/\/www.centre-ortho.ch\/wp-content\/uploads\/2026\/06\/vallotton_profil-740x800.jpg\" class=\"thumbnail__featured\" alt=\"\"><\/a><\/div><div class=\"member__info-wrapper\"><div class=\"member__info\"><div class=\"member__info-header\"><h2 class=\"member__name translation-block\"><span><span class=\"word\"><span class=\"target fadeIn\" style=\"--wgl-text-delay: 30ms\">D<\/span><span class=\"target fadeIn\" style=\"--wgl-text-delay: 60ms\">r<\/span><\/span> <span class=\"word\"><span class=\"target fadeIn\" style=\"--wgl-text-delay: 120ms\">J<\/span><span class=\"target fadeIn\" style=\"--wgl-text-delay: 150ms\">a<\/span><span class=\"target fadeIn\" style=\"--wgl-text-delay: 180ms\">c<\/span><span class=\"target fadeIn\" style=\"--wgl-text-delay: 210ms\">q<\/span><span class=\"target fadeIn\" style=\"--wgl-text-delay: 240ms\">u<\/span><span class=\"target fadeIn\" style=\"--wgl-text-delay: 270ms\">e<\/span><span class=\"target fadeIn\" style=\"--wgl-text-delay: 300ms\">s<\/span><\/span> <span class=\"word\"><span class=\"target fadeIn\" style=\"--wgl-text-delay: 360ms\">V<\/span><span class=\"target fadeIn\" style=\"--wgl-text-delay: 390ms\">a<\/span><span class=\"target fadeIn\" style=\"--wgl-text-delay: 420ms\">l<\/span><span class=\"target fadeIn\" style=\"--wgl-text-delay: 450ms\">l<\/span><span class=\"target fadeIn\" style=\"--wgl-text-delay: 480ms\">o<\/span><span class=\"target fadeIn\" style=\"--wgl-text-delay: 510ms\">t<\/span><span class=\"target fadeIn\" style=\"--wgl-text-delay: 540ms\">t<\/span><span class=\"target fadeIn\" style=\"--wgl-text-delay: 570ms\">o<\/span><span class=\"target fadeIn\" style=\"--wgl-text-delay: 600ms\">n<\/span><\/span><\/span><\/h2><\/div><div class=\"member__info-footer\"><div class=\"member__highlighted\">Chirurgie du membre inf\u00e9rieur, m\u00e9decin du sport<\/div><\/div><\/div><\/div><\/div><\/article><article class=\"team__member\"><div class=\"member__wrapper\"><div class=\"member__media\"><a href=\"https:\/\/www.centre-ortho.ch\/en\/team\/dr-amelie-ammann\/\" class=\"member__thumbnail\"><img decoding=\"async\" src=\"https:\/\/www.centre-ortho.ch\/wp-content\/uploads\/2025\/10\/Dre-Amelie-Ammann-Orthopedie-generale-740x800.jpg\" class=\"thumbnail__featured\" alt=\"Dr. Amelie Ammann - Sports Medicine Physician\"><\/a><\/div><div class=\"member__info-wrapper\"><div class=\"member__info\"><div class=\"member__info-header\"><h2 class=\"member__name\"><a href=\"https:\/\/www.centre-ortho.ch\/en\/team\/dr-amelie-ammann\/\">Dr. Am\u00e9lie Ammann<\/a><\/h2><\/div><div class=\"member__info-footer\"><div class=\"member__highlighted\">Physical medicine and rehabilitation, Sports medicine<\/div><\/div><\/div><\/div><\/div><\/article><article class=\"team__member\"><div class=\"member__wrapper\"><div class=\"member__media\"><a href=\"https:\/\/www.centre-ortho.ch\/en\/team\/dr-elena-albertazzi\/\" class=\"member__thumbnail\"><img decoding=\"async\" src=\"https:\/\/www.centre-ortho.ch\/wp-content\/uploads\/2025\/07\/albertazzi_HQ_opti-740x800.jpg\" class=\"thumbnail__featured\" alt=\"Dr. Elena Albertazzi - General Orthopedics - Lausanne\"><\/a><\/div><div class=\"member__info-wrapper\"><div class=\"member__info\"><div class=\"member__info-header\"><h2 class=\"member__name\"><a href=\"https:\/\/www.centre-ortho.ch\/en\/team\/dr-elena-albertazzi\/\">Dr. Elena Albertazzi<\/a><\/h2><\/div><div class=\"member__info-footer\"><div class=\"member__highlighted\">Upper limb surgery<\/div><\/div><\/div><\/div><\/div><\/article><article class=\"team__member\"><div class=\"member__wrapper\"><div class=\"member__media\"><a href=\"https:\/\/www.centre-ortho.ch\/en\/team\/dr-irene-hof-laurenceau\/\" class=\"member__thumbnail\"><img decoding=\"async\" src=\"https:\/\/www.centre-ortho.ch\/wp-content\/uploads\/2025\/07\/hof_profil-740x800.jpeg\" class=\"thumbnail__featured\" alt=\"\"><\/a><\/div><div class=\"member__info-wrapper\"><div class=\"member__info\"><div class=\"member__info-header\"><h2 class=\"member__name\"><a href=\"https:\/\/www.centre-ortho.ch\/en\/team\/dr-irene-hof-laurenceau\/\">Dr. Irene Hof Laurenceau<\/a><\/h2><\/div><div class=\"member__info-footer\"><div class=\"member__highlighted\">General orthopedics<\/div><\/div><\/div><\/div><\/div><\/article><\/div><\/section>\t\t\t\t<\/div>\n\t\t\t\t<\/div>\n\t\t\t\t\t<\/div>\n\t\t\t\t<\/div>\n\t\t\t\t<\/div>","protected":false},"excerpt":{"rendered":"<p>Notre \u00e9quipe m\u00e9dicale:L&rsquo;excellence au service de votre sant\u00e9 Le Centre Orthop\u00e9dique d&rsquo;Ouchy r\u00e9unit une \u00e9quipe pluridisciplinaire, alliant expertise clinique de pointe et engagement dans la recherche m\u00e9dicale. Chacun de nos praticiens apporte une comp\u00e9tence sp\u00e9cifique dans le traitement des pathologies de l&rsquo;\u00e9paule, du genou, de la hanche, du pied et du rachis. Prendre rendez-vous Dr [&hellip;]<\/p>\n","protected":false},"author":1,"featured_media":0,"parent":0,"menu_order":0,"comment_status":"closed","ping_status":"closed","template":"","meta":{"_acf_changed":false,"inline_featured_image":false,"footnotes":""},"categories":[],"tags":[],"class_list":["post-2128","page","type-page","status-publish","hentry"],"acf":[],"_links":{"self":[{"href":"https:\/\/www.centre-ortho.ch\/en\/wp-json\/wp\/v2\/pages\/2128","targetHints":{"allow":["GET"]}}],"collection":[{"href":"https:\/\/www.centre-ortho.ch\/en\/wp-json\/wp\/v2\/pages"}],"about":[{"href":"https:\/\/www.centre-ortho.ch\/en\/wp-json\/wp\/v2\/types\/page"}],"author":[{"embeddable":true,"href":"https:\/\/www.centre-ortho.ch\/en\/wp-json\/wp\/v2\/users\/1"}],"replies":[{"embeddable":true,"href":"https:\/\/www.centre-ortho.ch\/en\/wp-json\/wp\/v2\/comments?post=2128"}],"version-history":[{"count":2,"href":"https:\/\/www.centre-ortho.ch\/en\/wp-json\/wp\/v2\/pages\/2128\/revisions"}],"predecessor-version":[{"id":26137,"href":"https:\/\/www.centre-ortho.ch\/en\/wp-json\/wp\/v2\/pages\/2128\/revisions\/26137"}],"wp:attachment":[{"href":"https:\/\/www.centre-ortho.ch\/en\/wp-json\/wp\/v2\/media?parent=2128"}],"wp:term":[{"taxonomy":"category","embeddable":true,"href":"https:\/\/www.centre-ortho.ch\/en\/wp-json\/wp\/v2\/categories?post=2128"},{"taxonomy":"post_tag","embeddable":true,"href":"https:\/\/www.centre-ortho.ch\/en\/wp-json\/wp\/v2\/tags?post=2128"}],"curies":[{"name":"wp","href":"https:\/\/api.w.org\/{rel}","templated":true}]}}