{"id":25874,"date":"2026-07-07T13:04:44","date_gmt":"2026-07-07T13:04:44","guid":{"rendered":"https:\/\/www.centre-ortho.ch\/?page_id=25874"},"modified":"2026-07-07T13:13:28","modified_gmt":"2026-07-07T13:13:28","slug":"our-doctors-are-speaking-out","status":"publish","type":"page","link":"https:\/\/www.centre-ortho.ch\/en\/our-doctors-are-speaking-out\/","title":{"rendered":"Our doctors speak out"},"content":{"rendered":"\t\t<div data-elementor-type=\"wp-page\" data-elementor-id=\"25874\" class=\"elementor elementor-25874\" data-elementor-post-type=\"page\">\n\t\t\t\t<div class=\"elementor-element elementor-element-a57d88d e-flex e-con-boxed e-con e-parent\" data-id=\"a57d88d\" data-element_type=\"container\" data-e-type=\"container\">\n\t\t\t\t\t<div class=\"e-con-inner\">\n\t\t\t\t<div class=\"elementor-element elementor-element-52f0e9b elementor-widget elementor-widget-spacer\" data-id=\"52f0e9b\" data-element_type=\"widget\" data-e-type=\"widget\" data-widget_type=\"spacer.default\">\n\t\t\t\t\t\t\t<div class=\"elementor-spacer\">\n\t\t\t<div class=\"elementor-spacer-inner\"><\/div>\n\t\t<\/div>\n\t\t\t\t\t\t<\/div>\n\t\t\t\t<div class=\"elementor-element elementor-element-b770a16 aleft elementor-invisible elementor-widget elementor-widget-wgl-double-heading\" data-id=\"b770a16\" data-element_type=\"widget\" data-e-type=\"widget\" data-settings=\"{&quot;_animation&quot;:&quot;wgl_fade&quot;}\" data-widget_type=\"wgl-double-heading.default\">\n\t\t\t\t<div class=\"elementor-widget-container\">\n\t\t\t\t\t<div class=\"wgl-double-heading\"><h1 class=\"dblh__title-wrapper\"><span class=\"dblh__title dblh__title-1\"><span>Nos m\u00e9decins s'expriment<\/span><\/span><\/h1><\/div>\t\t\t\t<\/div>\n\t\t\t\t<\/div>\n\t\t\t\t<div class=\"elementor-element elementor-element-78254e9 elementor-widget elementor-widget-spacer\" data-id=\"78254e9\" data-element_type=\"widget\" data-e-type=\"widget\" data-widget_type=\"spacer.default\">\n\t\t\t\t\t\t\t<div class=\"elementor-spacer\">\n\t\t\t<div class=\"elementor-spacer-inner\"><\/div>\n\t\t<\/div>\n\t\t\t\t\t\t<\/div>\n\t\t\t\t\t<\/div>\n\t\t\t\t<\/div>\n\t\t<div class=\"elementor-element elementor-element-a0e4aa2 e-flex e-con-boxed e-con e-child\" data-id=\"a0e4aa2\" data-element_type=\"container\" data-e-type=\"container\">\n\t\t\t\t\t<div class=\"e-con-inner\">\n\t\t<div class=\"elementor-element elementor-element-5eb0ae9 e-con-full e-flex elementor-invisible e-con e-child\" data-id=\"5eb0ae9\" data-element_type=\"container\" data-e-type=\"container\" data-settings=\"{&quot;animation&quot;:&quot;wgl_fade_up&quot;,&quot;animation_delay&quot;:100}\">\n\t\t\t\t<div class=\"elementor-element elementor-element-fe248c0 elementor-hidden-desktop elementor-hidden-tablet elementor-hidden-mobile elementor-widget elementor-widget-text-editor\" data-id=\"fe248c0\" data-element_type=\"widget\" data-e-type=\"widget\" data-widget_type=\"text-editor.default\">\n\t\t\t\t\t\t\t\t\t<p>Ce centre accr\u00e9dit\u00e9 par la FMH et la SEMS pour la formation en chirurgie orthop\u00e9dique et m\u00e9decine du sport est le fruit d\u2019un partenariat avec Hirslanden Clinique Bois-Cerf. Le Centre Orthop\u00e9dique d\u2019Ouchy accueille en son sein des m\u00e9decins d\u00e9j\u00e0 titulaires d\u2019un titre FMH en orthop\u00e9die pour une formation sp\u00e9cialis\u00e9e (hanche, genou, \u00e9paule, pied, etc) et des m\u00e9decins en cours de formation en orthop\u00e9die g\u00e9n\u00e9rale ou en m\u00e9decine du sport.<\/p>\t\t\t\t\t\t\t\t<\/div>\n\t\t\t\t<div class=\"elementor-element elementor-element-c7740f8 elementor-grid-2 elementor-grid-tablet-2 elementor-grid-mobile-1 elementor-widget elementor-widget-loop-grid\" data-id=\"c7740f8\" data-element_type=\"widget\" data-e-type=\"widget\" data-settings=\"{&quot;template_id&quot;:&quot;24349&quot;,&quot;columns&quot;:2,&quot;_skin&quot;:&quot;post&quot;,&quot;columns_tablet&quot;:&quot;2&quot;,&quot;columns_mobile&quot;:&quot;1&quot;,&quot;edit_handle_selector&quot;:&quot;[data-elementor-type=\\&quot;loop-item\\&quot;]&quot;,&quot;row_gap&quot;:{&quot;unit&quot;:&quot;px&quot;,&quot;size&quot;:&quot;&quot;,&quot;sizes&quot;:[]},&quot;row_gap_tablet&quot;:{&quot;unit&quot;:&quot;px&quot;,&quot;size&quot;:&quot;&quot;,&quot;sizes&quot;:[]},&quot;row_gap_mobile&quot;:{&quot;unit&quot;:&quot;px&quot;,&quot;size&quot;:&quot;&quot;,&quot;sizes&quot;:[]}}\" data-widget_type=\"loop-grid.post\">\n\t\t\t\t<div class=\"elementor-widget-container\">\n\t\t\t\t\t\t\t<div class=\"elementor-loop-container elementor-grid\" role=\"list\">\n\t\t<style id=\"loop-24349\">.elementor-24349 .elementor-element.elementor-element-19fdb6f0{--display:flex;--overflow:hidden;border-style:none;--border-style:none;--border-radius:18px 18px 18px 18px;--margin-top:0px;--margin-bottom:0px;--margin-left:0px;--margin-right:0px;--padding-top:0px;--padding-bottom:0px;--padding-left:0px;--padding-right:0px;}.elementor-24349 .elementor-element.elementor-element-19fdb6f0:not(.elementor-motion-effects-element-type-background), .elementor-24349 .elementor-element.elementor-element-19fdb6f0 > .elementor-motion-effects-container > .elementor-motion-effects-layer{background-color:#FFFFFF;}.elementor-widget-theme-post-featured-image .widget-image-caption{color:var( --e-global-color-text );}.elementor-24349 .elementor-element.elementor-element-18d59297 img{height:300px;object-fit:cover;object-position:center center;opacity:1;transition-duration:0.3s;border-style:none;border-radius:6px 6px 0px 0px;}.elementor-24349 .elementor-element.elementor-element-18d59297:hover img{opacity:1;}.elementor-24349 .elementor-element.elementor-element-18d59297{margin:0px 0px calc(var(--kit-widget-spacing, 0px) + 0px) 0px;padding:0px 0px 0px 0px;width:100%;max-width:100%;}.elementor-24349 .elementor-element.elementor-element-2ffdb1b{--display:flex;--padding-top:14px;--padding-bottom:14px;--padding-left:0px;--padding-right:0px;}.elementor-24349 .elementor-element.elementor-element-2ffdb1b:not(.elementor-motion-effects-element-type-background), .elementor-24349 .elementor-element.elementor-element-2ffdb1b > .elementor-motion-effects-container > .elementor-motion-effects-layer{background-color:var( --e-global-color-eeecde9 );}.elementor-24349 .elementor-element.elementor-element-aa9c400{--display:flex;--flex-direction:row;--container-widget-width:initial;--container-widget-height:100%;--container-widget-flex-grow:1;--container-widget-align-self:stretch;--flex-wrap-mobile:wrap;--margin-top:0px;--margin-bottom:0px;--margin-left:0px;--margin-right:0px;--padding-top:0px;--padding-bottom:0px;--padding-left:0px;--padding-right:0px;}.elementor-widget-image .widget-image-caption{color:var( --e-global-color-text );}.elementor-24349 .elementor-element.elementor-element-698c251{text-align:start;margin:0px 0px calc(var(--kit-widget-spacing, 0px) + 0px) 0px;padding:0px 9px 0px 0px;top:-70px;z-index:999;}.elementor-24349 .elementor-element.elementor-element-698c251 img{width:100%;max-width:120px;filter:brightness( 100% ) contrast( 100% ) saturate( 100% ) blur( 0px ) hue-rotate( 0deg );border-style:solid;border-width:4px 4px 4px 4px;border-color:var( --e-global-color-eeecde9 );border-radius:999px 999px 999px 999px;}.elementor-24349 .elementor-element.elementor-element-698c251.elementor-element{--align-self:flex-start;}body:not(.rtl) .elementor-24349 .elementor-element.elementor-element-698c251{left:30px;}body.rtl .elementor-24349 .elementor-element.elementor-element-698c251{right:30px;}.elementor-24349 .elementor-element.elementor-element-2fbeb80{--display:flex;--justify-content:center;--margin-top:0px;--margin-bottom:0px;--margin-left:170px;--margin-right:0px;--padding-top:0px;--padding-bottom:0px;--padding-left:0px;--padding-right:0px;}.elementor-widget-heading .elementor-heading-title{color:var( --e-global-color-primary );}.elementor-24349 .elementor-element.elementor-element-4c41e44 .elementor-heading-title{font-family:\"museosans\", Sans-serif;font-size:20px;font-weight:600;line-height:1em;color:var( --e-global-color-accent );}.elementor-24349 .elementor-element.elementor-element-4c41e44{margin:0px 0px calc(var(--kit-widget-spacing, 0px) + 0px) 0px;padding:0px 0px 0px 0px;}.elementor-24349 .elementor-element.elementor-element-59ec2a3 .elementor-heading-title{font-family:\"museosans\", Sans-serif;font-size:13px;font-weight:900;text-transform:uppercase;line-height:1em;letter-spacing:1.3px;color:var( --e-global-color-primary );}.elementor-24349 .elementor-element.elementor-element-59ec2a3{margin:8px 0px calc(var(--kit-widget-spacing, 0px) + 0px) 0px;padding:0px 0px 0px 0px;}.elementor-24349 .elementor-element.elementor-element-5cf2032e{--display:flex;--margin-top:0px;--margin-bottom:0px;--margin-left:0px;--margin-right:0px;--padding-top:30px;--padding-bottom:30px;--padding-left:30px;--padding-right:30px;}.elementor-24349 .elementor-element.elementor-element-5cf2032e:not(.elementor-motion-effects-element-type-background), .elementor-24349 .elementor-element.elementor-element-5cf2032e > .elementor-motion-effects-container > .elementor-motion-effects-layer{background-color:#FFFFFF;}.elementor-widget-theme-post-title .elementor-heading-title{color:var( --e-global-color-primary );}.elementor-24349 .elementor-element.elementor-element-44330835 .elementor-heading-title{font-size:25px;line-height:1.1em;color:var( --e-global-color-accent );}.elementor-24349 .elementor-element.elementor-element-44330835 .elementor-heading-title a:hover, .elementor-24349 .elementor-element.elementor-element-44330835 .elementor-heading-title a:focus{color:var( --e-global-color-primary );}.elementor-24349 .elementor-element.elementor-element-44330835{margin:0px 0px calc(var(--kit-widget-spacing, 0px) + 0px) 0px;padding:0px 0px 0px 0px;}.elementor-widget-theme-post-excerpt{color:var( --e-global-color-text );}.elementor-24349 .elementor-element.elementor-element-dd47eb0{font-weight:400;line-height:1.6em;margin:15px 0px calc(var(--kit-widget-spacing, 0px) + 0px) 0px;}.elementor-widget-post-info .elementor-icon-list-item:not(:last-child):after{border-color:var( --e-global-color-text );}.elementor-widget-post-info .elementor-icon-list-icon i{color:var( --e-global-color-primary );}.elementor-widget-post-info .elementor-icon-list-icon svg{fill:var( --e-global-color-primary );}.elementor-widget-post-info .elementor-icon-list-text, .elementor-widget-post-info .elementor-icon-list-text a{color:var( --e-global-color-secondary );}.elementor-24349 .elementor-element.elementor-element-57ed1f12 .elementor-icon-list-icon{width:14px;}.elementor-24349 .elementor-element.elementor-element-57ed1f12 .elementor-icon-list-icon i{font-size:14px;}.elementor-24349 .elementor-element.elementor-element-57ed1f12 .elementor-icon-list-icon svg{--e-icon-list-icon-size:14px;}.elementor-24349 .elementor-element.elementor-element-57ed1f12 .elementor-icon-list-text, .elementor-24349 .elementor-element.elementor-element-57ed1f12 .elementor-icon-list-text a{color:var( --e-global-color-accent );}.elementor-24349 .elementor-element.elementor-element-57ed1f12 .elementor-icon-list-item{font-size:18px;line-height:1.5em;}.elementor-24349 .elementor-element.elementor-element-57ed1f12{margin:0px 0px calc(var(--kit-widget-spacing, 0px) + 20px) 0px;padding:0px 0px 0px 5px;width:auto;max-width:auto;border-radius:5px 5px 5px 5px;}.elementor-24349 .elementor-element.elementor-element-57ed1f12.elementor-element{--align-self:flex-start;}.elementor-widget-button .elementor-button{background-color:var( --e-global-color-accent );}.elementor-24349 .elementor-element.elementor-element-4451ec5f .elementor-button{background-color:var( --e-global-color-primary );border-style:none;border-radius:0px 0px 0px 0px;}.elementor-24349 .elementor-element.elementor-element-4451ec5f{margin:0px 0px calc(var(--kit-widget-spacing, 0px) + 0px) 0px;padding:0px 0px 0px 0px;width:100%;max-width:100%;pointer-events:auto;}.elementor-24349 .elementor-element.elementor-element-4451ec5f.elementor-element{--align-self:flex-start;}@media(min-width:768px){.elementor-24349 .elementor-element.elementor-element-2fbeb80{--width:70%;}}@media(max-width:767px){.elementor-24349 .elementor-element.elementor-element-aa9c400{--padding-top:0px;--padding-bottom:0px;--padding-left:130px;--padding-right:0px;}.elementor-24349 .elementor-element.elementor-element-2fbeb80{--margin-top:0px;--margin-bottom:0px;--margin-left:60px;--margin-right:0px;}.elementor-24349 .elementor-element.elementor-element-5cf2032e{--padding-top:20px;--padding-bottom:20px;--padding-left:20px;--padding-right:20px;}}<\/style>\t\t<div data-elementor-type=\"loop-item\" data-elementor-id=\"24349\" class=\"elementor elementor-24349 e-loop-item e-loop-item-25652 post-25652 post type-post status-publish format-standard has-post-thumbnail hentry category-nos-medecins-sexpriment tag-homepage\" data-elementor-post-type=\"elementor_library\" data-custom-edit-handle=\"1\">\n\t\t\t<div class=\"elementor-element elementor-element-19fdb6f0 e-flex e-con-boxed e-con e-parent\" data-id=\"19fdb6f0\" data-element_type=\"container\" data-e-type=\"container\" data-settings=\"{&quot;background_background&quot;:&quot;classic&quot;}\">\n\t\t\t\t\t<div class=\"e-con-inner\">\n\t\t\t\t<div class=\"elementor-element elementor-element-18d59297 elementor-widget__width-inherit elementor-widget elementor-widget-theme-post-featured-image elementor-widget-image\" data-id=\"18d59297\" data-element_type=\"widget\" data-e-type=\"widget\" data-widget_type=\"theme-post-featured-image.default\">\n\t\t\t\t\t\t\t\t\t\t\t\t\t\t\t\t<a href=\"https:\/\/www.centre-ortho.ch\/en\/lapport-de-la-medecine-manuelle-dans-une-prise-en-charge-globale\/\">\n\t\t\t\t\t\t\t<img fetchpriority=\"high\" decoding=\"async\" width=\"2000\" height=\"1305\" src=\"https:\/\/www.centre-ortho.ch\/wp-content\/uploads\/2026\/06\/medecine_naturelle_ammann.jpg\" class=\"elementor-animation-grow attachment-full size-full wp-image-25656\" alt=\"\" srcset=\"https:\/\/www.centre-ortho.ch\/wp-content\/uploads\/2026\/06\/medecine_naturelle_ammann.jpg 2000w, https:\/\/www.centre-ortho.ch\/wp-content\/uploads\/2026\/06\/medecine_naturelle_ammann-300x196.jpg 300w, https:\/\/www.centre-ortho.ch\/wp-content\/uploads\/2026\/06\/medecine_naturelle_ammann-1024x668.jpg 1024w, https:\/\/www.centre-ortho.ch\/wp-content\/uploads\/2026\/06\/medecine_naturelle_ammann-768x501.jpg 768w, https:\/\/www.centre-ortho.ch\/wp-content\/uploads\/2026\/06\/medecine_naturelle_ammann-1536x1002.jpg 1536w, https:\/\/www.centre-ortho.ch\/wp-content\/uploads\/2026\/06\/medecine_naturelle_ammann-18x12.jpg 18w\" sizes=\"(max-width: 2000px) 100vw, 2000px\" \/>\t\t\t\t\t\t\t\t<\/a>\n\t\t\t\t\t\t\t\t\t\t\t\t\t\t\t<\/div>\n\t\t<div class=\"elementor-element elementor-element-2ffdb1b e-con-full e-flex e-con e-child\" data-id=\"2ffdb1b\" data-element_type=\"container\" data-e-type=\"container\" data-settings=\"{&quot;background_background&quot;:&quot;classic&quot;}\">\n\t\t<div class=\"elementor-element elementor-element-aa9c400 e-con-full e-flex e-con e-child\" data-id=\"aa9c400\" data-element_type=\"container\" data-e-type=\"container\">\n\t\t\t\t<div class=\"elementor-element elementor-element-698c251 elementor-absolute elementor-widget elementor-widget-image\" data-id=\"698c251\" data-element_type=\"widget\" data-e-type=\"widget\" data-settings=\"{&quot;_position&quot;:&quot;absolute&quot;}\" data-widget_type=\"image.default\">\n\t\t\t\t\t\t\t\t\t\t\t\t\t\t\t\t<a href=\"https:\/\/www.centre-ortho.ch\/en\/lapport-de-la-medecine-manuelle-dans-une-prise-en-charge-globale\/\">\n\t\t\t\t\t\t\t<img decoding=\"async\" width=\"660\" height=\"660\" src=\"https:\/\/www.centre-ortho.ch\/wp-content\/uploads\/2025\/10\/Dre-Amelie-Ammann-Orthopedie-generale-1.jpg\" class=\"attachment-large size-large wp-image-23756\" alt=\"\" srcset=\"https:\/\/www.centre-ortho.ch\/wp-content\/uploads\/2025\/10\/Dre-Amelie-Ammann-Orthopedie-generale-1.jpg 660w, https:\/\/www.centre-ortho.ch\/wp-content\/uploads\/2025\/10\/Dre-Amelie-Ammann-Orthopedie-generale-1-300x300.jpg 300w, https:\/\/www.centre-ortho.ch\/wp-content\/uploads\/2025\/10\/Dre-Amelie-Ammann-Orthopedie-generale-1-150x150.jpg 150w, https:\/\/www.centre-ortho.ch\/wp-content\/uploads\/2025\/10\/Dre-Amelie-Ammann-Orthopedie-generale-1-12x12.jpg 12w\" sizes=\"(max-width: 660px) 100vw, 660px\" \/>\t\t\t\t\t\t\t\t<\/a>\n\t\t\t\t\t\t\t\t\t\t\t\t\t\t\t<\/div>\n\t\t<div class=\"elementor-element elementor-element-2fbeb80 e-con-full e-flex e-con e-child\" data-id=\"2fbeb80\" data-element_type=\"container\" data-e-type=\"container\">\n\t\t\t\t<div class=\"elementor-element elementor-element-4c41e44 elementor-widget elementor-widget-heading\" data-id=\"4c41e44\" data-element_type=\"widget\" data-e-type=\"widget\" data-widget_type=\"heading.default\">\n\t\t\t\t\t<h4 class=\"elementor-heading-title elementor-size-default\"><a href=\"\/team\/dre-amelie-ammann\/\">Dre Am\u00e9lie Ammann<\/a><\/h4>\t\t\t\t<\/div>\n\t\t\t\t<div class=\"elementor-element elementor-element-59ec2a3 elementor-widget elementor-widget-heading\" data-id=\"59ec2a3\" data-element_type=\"widget\" data-e-type=\"widget\" data-widget_type=\"heading.default\">\n\t\t\t\t\t<h5 class=\"elementor-heading-title elementor-size-default\"><a href=\"\/team\/dre-amelie-ammann\/\">M\u00e9decine du sport<\/a><\/h5>\t\t\t\t<\/div>\n\t\t\t\t<\/div>\n\t\t\t\t<\/div>\n\t\t\t\t<\/div>\n\t\t<div class=\"elementor-element elementor-element-5cf2032e e-con-full vignette-nos-medecins-communiquent e-flex e-con e-child\" data-id=\"5cf2032e\" data-element_type=\"container\" data-e-type=\"container\" data-settings=\"{&quot;background_background&quot;:&quot;classic&quot;}\">\n\t\t\t\t<div class=\"elementor-element elementor-element-44330835 elementor-widget elementor-widget-theme-post-title elementor-page-title elementor-widget-heading\" data-id=\"44330835\" data-element_type=\"widget\" data-e-type=\"widget\" data-widget_type=\"theme-post-title.default\">\n\t\t\t\t\t<h3 class=\"elementor-heading-title elementor-size-default\"><a href=\"https:\/\/www.centre-ortho.ch\/en\/lapport-de-la-medecine-manuelle-dans-une-prise-en-charge-globale\/\">M\u00e9decine du sport et m\u00e9decine manuelle: une approche globale du patient<\/a><\/h3>\t\t\t\t<\/div>\n\t\t\t\t<div class=\"elementor-element elementor-element-dd47eb0 elementor-widget elementor-widget-theme-post-excerpt\" data-id=\"dd47eb0\" data-element_type=\"widget\" data-e-type=\"widget\" data-widget_type=\"theme-post-excerpt.default\">\n\t\t\t\t\tAu cours de mon parcours de formation en orthop\u00e9die, j'ai eu l'opportunit\u00e9 d'effectuer des stages professionnels en Roumanie, puis en France, avant de poursuivre aujourd'hui......\t\t\t\t<\/div>\n\t\t\t\t<\/div>\n\t\t\t\t<div class=\"elementor-element elementor-element-4451ec5f elementor-widget__width-inherit elementor-align-center elementor-hidden-desktop elementor-hidden-tablet elementor-hidden-mobile elementor-widget elementor-widget-button\" data-id=\"4451ec5f\" data-element_type=\"widget\" data-e-type=\"widget\" data-widget_type=\"button.default\">\n\t\t\t\t\t\t\t\t\t\t<a class=\"elementor-button elementor-button-link elementor-size-sm\" href=\"https:\/\/www.centre-ortho.ch\/en\/lapport-de-la-medecine-manuelle-dans-une-prise-en-charge-globale\/\">\n\t\t\t\t\t\t<span class=\"elementor-button-content-wrapper\">\n\t\t\t\t\t\t\t\t\t<span class=\"elementor-button-text\">Voir le profil<\/span>\n\t\t\t\t\t<\/span>\n\t\t\t\t\t<\/a>\n\t\t\t\t\t\t\t\t<\/div>\n\t\t\t\t\t<\/div>\n\t\t\t\t<\/div>\n\t\t\t\t<\/div>\n\t\t\t\t<div data-elementor-type=\"loop-item\" data-elementor-id=\"24349\" class=\"elementor elementor-24349 e-loop-item e-loop-item-25518 post-25518 post type-post status-publish format-standard has-post-thumbnail hentry category-nos-medecins-sexpriment tag-homepage\" data-elementor-post-type=\"elementor_library\" data-custom-edit-handle=\"1\">\n\t\t\t<div class=\"elementor-element elementor-element-19fdb6f0 e-flex e-con-boxed e-con e-parent\" data-id=\"19fdb6f0\" data-element_type=\"container\" data-e-type=\"container\" data-settings=\"{&quot;background_background&quot;:&quot;classic&quot;}\">\n\t\t\t\t\t<div class=\"e-con-inner\">\n\t\t\t\t<div class=\"elementor-element elementor-element-18d59297 elementor-widget__width-inherit elementor-widget elementor-widget-theme-post-featured-image elementor-widget-image\" data-id=\"18d59297\" data-element_type=\"widget\" data-e-type=\"widget\" data-widget_type=\"theme-post-featured-image.default\">\n\t\t\t\t\t\t\t\t\t\t\t\t\t\t\t\t<a href=\"https:\/\/www.centre-ortho.ch\/en\/rehabilitation-after-total-knee-replacement-the-key-to-success-lies-in-the-patients-hands\/\">\n\t\t\t\t\t\t\t<img decoding=\"async\" width=\"2000\" height=\"1318\" src=\"https:\/\/www.centre-ortho.ch\/wp-content\/uploads\/2026\/06\/reeducation_ciobotaru.jpg\" class=\"elementor-animation-grow attachment-full size-full wp-image-25587\" alt=\"\" srcset=\"https:\/\/www.centre-ortho.ch\/wp-content\/uploads\/2026\/06\/reeducation_ciobotaru.jpg 2000w, https:\/\/www.centre-ortho.ch\/wp-content\/uploads\/2026\/06\/reeducation_ciobotaru-300x198.jpg 300w, https:\/\/www.centre-ortho.ch\/wp-content\/uploads\/2026\/06\/reeducation_ciobotaru-1024x675.jpg 1024w, https:\/\/www.centre-ortho.ch\/wp-content\/uploads\/2026\/06\/reeducation_ciobotaru-768x506.jpg 768w, https:\/\/www.centre-ortho.ch\/wp-content\/uploads\/2026\/06\/reeducation_ciobotaru-1536x1012.jpg 1536w, https:\/\/www.centre-ortho.ch\/wp-content\/uploads\/2026\/06\/reeducation_ciobotaru-18x12.jpg 18w\" sizes=\"(max-width: 2000px) 100vw, 2000px\" \/>\t\t\t\t\t\t\t\t<\/a>\n\t\t\t\t\t\t\t\t\t\t\t\t\t\t\t<\/div>\n\t\t<div class=\"elementor-element elementor-element-2ffdb1b e-con-full e-flex e-con e-child\" data-id=\"2ffdb1b\" data-element_type=\"container\" data-e-type=\"container\" data-settings=\"{&quot;background_background&quot;:&quot;classic&quot;}\">\n\t\t<div class=\"elementor-element elementor-element-aa9c400 e-con-full e-flex e-con e-child\" data-id=\"aa9c400\" data-element_type=\"container\" data-e-type=\"container\">\n\t\t\t\t<div class=\"elementor-element elementor-element-698c251 elementor-absolute elementor-widget elementor-widget-image\" data-id=\"698c251\" data-element_type=\"widget\" data-e-type=\"widget\" data-settings=\"{&quot;_position&quot;:&quot;absolute&quot;}\" data-widget_type=\"image.default\">\n\t\t\t\t\t\t\t\t\t\t\t\t\t\t\t\t<a href=\"https:\/\/www.centre-ortho.ch\/en\/rehabilitation-after-total-knee-replacement-the-key-to-success-lies-in-the-patients-hands\/\">\n\t\t\t\t\t\t\t<img loading=\"lazy\" decoding=\"async\" width=\"1024\" height=\"1024\" src=\"https:\/\/www.centre-ortho.ch\/wp-content\/uploads\/2026\/05\/photo_ciobotaru_HQ-1024x1024.jpg\" class=\"attachment-large size-large wp-image-25076\" alt=\"\" srcset=\"https:\/\/www.centre-ortho.ch\/wp-content\/uploads\/2026\/05\/photo_ciobotaru_HQ-1024x1024.jpg 1024w, https:\/\/www.centre-ortho.ch\/wp-content\/uploads\/2026\/05\/photo_ciobotaru_HQ-300x300.jpg 300w, https:\/\/www.centre-ortho.ch\/wp-content\/uploads\/2026\/05\/photo_ciobotaru_HQ-150x150.jpg 150w, https:\/\/www.centre-ortho.ch\/wp-content\/uploads\/2026\/05\/photo_ciobotaru_HQ-768x768.jpg 768w, https:\/\/www.centre-ortho.ch\/wp-content\/uploads\/2026\/05\/photo_ciobotaru_HQ-1536x1536.jpg 1536w, https:\/\/www.centre-ortho.ch\/wp-content\/uploads\/2026\/05\/photo_ciobotaru_HQ-2048x2048.jpg 2048w, https:\/\/www.centre-ortho.ch\/wp-content\/uploads\/2026\/05\/photo_ciobotaru_HQ-12x12.jpg 12w\" sizes=\"(max-width: 1024px) 100vw, 1024px\" \/>\t\t\t\t\t\t\t\t<\/a>\n\t\t\t\t\t\t\t\t\t\t\t\t\t\t\t<\/div>\n\t\t<div class=\"elementor-element elementor-element-2fbeb80 e-con-full e-flex e-con e-child\" data-id=\"2fbeb80\" data-element_type=\"container\" data-e-type=\"container\">\n\t\t\t\t<div class=\"elementor-element elementor-element-4c41e44 elementor-widget elementor-widget-heading\" data-id=\"4c41e44\" data-element_type=\"widget\" data-e-type=\"widget\" data-widget_type=\"heading.default\">\n\t\t\t\t\t<h4 class=\"elementor-heading-title elementor-size-default\"><a href=\"\/team\/dr-cristian-ciobotaru\/\">Dr Cristian Ciobotaru<\/a><\/h4>\t\t\t\t<\/div>\n\t\t\t\t<div class=\"elementor-element elementor-element-59ec2a3 elementor-widget elementor-widget-heading\" data-id=\"59ec2a3\" data-element_type=\"widget\" data-e-type=\"widget\" data-widget_type=\"heading.default\">\n\t\t\t\t\t<h5 class=\"elementor-heading-title elementor-size-default\"><a href=\"\/team\/dr-cristian-ciobotaru\/\">Orthop\u00e9die g\u00e9n\u00e9rale<\/a><\/h5>\t\t\t\t<\/div>\n\t\t\t\t<\/div>\n\t\t\t\t<\/div>\n\t\t\t\t<\/div>\n\t\t<div class=\"elementor-element elementor-element-5cf2032e e-con-full vignette-nos-medecins-communiquent e-flex e-con e-child\" data-id=\"5cf2032e\" data-element_type=\"container\" data-e-type=\"container\" data-settings=\"{&quot;background_background&quot;:&quot;classic&quot;}\">\n\t\t\t\t<div class=\"elementor-element elementor-element-44330835 elementor-widget elementor-widget-theme-post-title elementor-page-title elementor-widget-heading\" data-id=\"44330835\" data-element_type=\"widget\" data-e-type=\"widget\" data-widget_type=\"theme-post-title.default\">\n\t\t\t\t\t<h3 class=\"elementor-heading-title elementor-size-default\"><a href=\"https:\/\/www.centre-ortho.ch\/en\/rehabilitation-after-total-knee-replacement-the-key-to-success-lies-in-the-patients-hands\/\">R\u00e9\u00e9ducation apr\u00e8s une proth\u00e8se totale du genou: la cl\u00e9 du succ\u00e8s entre les mains du patient<\/a><\/h3>\t\t\t\t<\/div>\n\t\t\t\t<div class=\"elementor-element elementor-element-dd47eb0 elementor-widget elementor-widget-theme-post-excerpt\" data-id=\"dd47eb0\" data-element_type=\"widget\" data-e-type=\"widget\" data-widget_type=\"theme-post-excerpt.default\">\n\t\t\t\t\tAu cours de mon parcours de formation en orthop\u00e9die, j'ai eu l'opportunit\u00e9 d'effectuer des stages professionnels en Roumanie, puis en France, avant de poursuivre aujourd'hui......\t\t\t\t<\/div>\n\t\t\t\t<\/div>\n\t\t\t\t<div class=\"elementor-element elementor-element-4451ec5f elementor-widget__width-inherit elementor-align-center elementor-hidden-desktop elementor-hidden-tablet elementor-hidden-mobile elementor-widget elementor-widget-button\" data-id=\"4451ec5f\" data-element_type=\"widget\" data-e-type=\"widget\" data-widget_type=\"button.default\">\n\t\t\t\t\t\t\t\t\t\t<a class=\"elementor-button elementor-button-link elementor-size-sm\" href=\"https:\/\/www.centre-ortho.ch\/en\/rehabilitation-after-total-knee-replacement-the-key-to-success-lies-in-the-patients-hands\/\">\n\t\t\t\t\t\t<span class=\"elementor-button-content-wrapper\">\n\t\t\t\t\t\t\t\t\t<span class=\"elementor-button-text\">Voir le profil<\/span>\n\t\t\t\t\t<\/span>\n\t\t\t\t\t<\/a>\n\t\t\t\t\t\t\t\t<\/div>\n\t\t\t\t\t<\/div>\n\t\t\t\t<\/div>\n\t\t\t\t<\/div>\n\t\t\t\t<div data-elementor-type=\"loop-item\" data-elementor-id=\"24349\" class=\"elementor elementor-24349 e-loop-item e-loop-item-25413 post-25413 post type-post status-publish format-standard has-post-thumbnail hentry category-nos-medecins-sexpriment tag-homepage\" data-elementor-post-type=\"elementor_library\" data-custom-edit-handle=\"1\">\n\t\t\t<div class=\"elementor-element elementor-element-19fdb6f0 e-flex e-con-boxed e-con e-parent\" data-id=\"19fdb6f0\" data-element_type=\"container\" data-e-type=\"container\" data-settings=\"{&quot;background_background&quot;:&quot;classic&quot;}\">\n\t\t\t\t\t<div class=\"e-con-inner\">\n\t\t\t\t<div class=\"elementor-element elementor-element-18d59297 elementor-widget__width-inherit elementor-widget elementor-widget-theme-post-featured-image elementor-widget-image\" data-id=\"18d59297\" data-element_type=\"widget\" data-e-type=\"widget\" data-widget_type=\"theme-post-featured-image.default\">\n\t\t\t\t\t\t\t\t\t\t\t\t\t\t\t\t<a href=\"https:\/\/www.centre-ortho.ch\/en\/patellar-syndrome\/\">\n\t\t\t\t\t\t\t<img loading=\"lazy\" decoding=\"async\" width=\"2560\" height=\"1922\" src=\"https:\/\/www.centre-ortho.ch\/wp-content\/uploads\/2026\/06\/iStock-905856482-scaled.jpg\" class=\"elementor-animation-grow attachment-full size-full wp-image-25606\" alt=\"\" srcset=\"https:\/\/www.centre-ortho.ch\/wp-content\/uploads\/2026\/06\/iStock-905856482-scaled.jpg 2560w, https:\/\/www.centre-ortho.ch\/wp-content\/uploads\/2026\/06\/iStock-905856482-300x225.jpg 300w, https:\/\/www.centre-ortho.ch\/wp-content\/uploads\/2026\/06\/iStock-905856482-1024x769.jpg 1024w, https:\/\/www.centre-ortho.ch\/wp-content\/uploads\/2026\/06\/iStock-905856482-768x577.jpg 768w, https:\/\/www.centre-ortho.ch\/wp-content\/uploads\/2026\/06\/iStock-905856482-1536x1153.jpg 1536w, https:\/\/www.centre-ortho.ch\/wp-content\/uploads\/2026\/06\/iStock-905856482-2048x1538.jpg 2048w, https:\/\/www.centre-ortho.ch\/wp-content\/uploads\/2026\/06\/iStock-905856482-16x12.jpg 16w\" sizes=\"(max-width: 2560px) 100vw, 2560px\" \/>\t\t\t\t\t\t\t\t<\/a>\n\t\t\t\t\t\t\t\t\t\t\t\t\t\t\t<\/div>\n\t\t<div class=\"elementor-element elementor-element-2ffdb1b e-con-full e-flex e-con e-child\" data-id=\"2ffdb1b\" data-element_type=\"container\" data-e-type=\"container\" data-settings=\"{&quot;background_background&quot;:&quot;classic&quot;}\">\n\t\t<div class=\"elementor-element elementor-element-aa9c400 e-con-full e-flex e-con e-child\" data-id=\"aa9c400\" data-element_type=\"container\" data-e-type=\"container\">\n\t\t\t\t<div class=\"elementor-element elementor-element-698c251 elementor-absolute elementor-widget elementor-widget-image\" data-id=\"698c251\" data-element_type=\"widget\" data-e-type=\"widget\" data-settings=\"{&quot;_position&quot;:&quot;absolute&quot;}\" data-widget_type=\"image.default\">\n\t\t\t\t\t\t\t\t\t\t\t\t\t\t\t\t<a href=\"https:\/\/www.centre-ortho.ch\/en\/patellar-syndrome\/\">\n\t\t\t\t\t\t\t<img loading=\"lazy\" decoding=\"async\" width=\"330\" height=\"330\" src=\"https:\/\/www.centre-ortho.ch\/wp-content\/uploads\/2026\/06\/vallotton_profil.jpg\" class=\"attachment-large size-large wp-image-25424\" alt=\"\" srcset=\"https:\/\/www.centre-ortho.ch\/wp-content\/uploads\/2026\/06\/vallotton_profil.jpg 330w, https:\/\/www.centre-ortho.ch\/wp-content\/uploads\/2026\/06\/vallotton_profil-300x300.jpg 300w, https:\/\/www.centre-ortho.ch\/wp-content\/uploads\/2026\/06\/vallotton_profil-150x150.jpg 150w, https:\/\/www.centre-ortho.ch\/wp-content\/uploads\/2026\/06\/vallotton_profil-12x12.jpg 12w\" sizes=\"(max-width: 330px) 100vw, 330px\" \/>\t\t\t\t\t\t\t\t<\/a>\n\t\t\t\t\t\t\t\t\t\t\t\t\t\t\t<\/div>\n\t\t<div class=\"elementor-element elementor-element-2fbeb80 e-con-full e-flex e-con e-child\" data-id=\"2fbeb80\" data-element_type=\"container\" data-e-type=\"container\">\n\t\t\t\t<div class=\"elementor-element elementor-element-4c41e44 elementor-widget elementor-widget-heading\" data-id=\"4c41e44\" data-element_type=\"widget\" data-e-type=\"widget\" data-widget_type=\"heading.default\">\n\t\t\t\t\t<h4 class=\"elementor-heading-title elementor-size-default\"><a href=\"\/dr-jacques-vallotton\/\">Dr Jacques Vallotton<\/a><\/h4>\t\t\t\t<\/div>\n\t\t\t\t<div class=\"elementor-element elementor-element-59ec2a3 elementor-widget elementor-widget-heading\" data-id=\"59ec2a3\" data-element_type=\"widget\" data-e-type=\"widget\" data-widget_type=\"heading.default\">\n\t\t\t\t\t<h5 class=\"elementor-heading-title elementor-size-default\"><a href=\"\/dr-jacques-vallotton\/\">Sp\u00e9cialiste en chirurgie orthop\u00e9dique et traumatologie<\/a><\/h5>\t\t\t\t<\/div>\n\t\t\t\t<\/div>\n\t\t\t\t<\/div>\n\t\t\t\t<\/div>\n\t\t<div class=\"elementor-element elementor-element-5cf2032e e-con-full vignette-nos-medecins-communiquent e-flex e-con e-child\" data-id=\"5cf2032e\" data-element_type=\"container\" data-e-type=\"container\" data-settings=\"{&quot;background_background&quot;:&quot;classic&quot;}\">\n\t\t\t\t<div class=\"elementor-element elementor-element-44330835 elementor-widget elementor-widget-theme-post-title elementor-page-title elementor-widget-heading\" data-id=\"44330835\" data-element_type=\"widget\" data-e-type=\"widget\" data-widget_type=\"theme-post-title.default\">\n\t\t\t\t\t<h3 class=\"elementor-heading-title elementor-size-default\"><a href=\"https:\/\/www.centre-ortho.ch\/en\/patellar-syndrome\/\">Le syndrome rotulien<\/a><\/h3>\t\t\t\t<\/div>\n\t\t\t\t<div class=\"elementor-element elementor-element-dd47eb0 elementor-widget elementor-widget-theme-post-excerpt\" data-id=\"dd47eb0\" data-element_type=\"widget\" data-e-type=\"widget\" data-widget_type=\"theme-post-excerpt.default\">\n\t\t\t\t\tLe syndrome rotulien se d\u00e9finit comme une douleur de type m\u00e9canique ressentie \u00e0 la face ant\u00e9rieure du genou. Les sollicitations en compression comme l\u2019accroupissement, la mont\u00e9e...\t\t\t\t<\/div>\n\t\t\t\t<\/div>\n\t\t\t\t<div class=\"elementor-element elementor-element-4451ec5f elementor-widget__width-inherit elementor-align-center elementor-hidden-desktop elementor-hidden-tablet elementor-hidden-mobile elementor-widget elementor-widget-button\" data-id=\"4451ec5f\" data-element_type=\"widget\" data-e-type=\"widget\" data-widget_type=\"button.default\">\n\t\t\t\t\t\t\t\t\t\t<a class=\"elementor-button elementor-button-link elementor-size-sm\" href=\"https:\/\/www.centre-ortho.ch\/en\/patellar-syndrome\/\">\n\t\t\t\t\t\t<span class=\"elementor-button-content-wrapper\">\n\t\t\t\t\t\t\t\t\t<span class=\"elementor-button-text\">Voir le profil<\/span>\n\t\t\t\t\t<\/span>\n\t\t\t\t\t<\/a>\n\t\t\t\t\t\t\t\t<\/div>\n\t\t\t\t\t<\/div>\n\t\t\t\t<\/div>\n\t\t\t\t<\/div>\n\t\t\t\t<div data-elementor-type=\"loop-item\" data-elementor-id=\"24349\" class=\"elementor elementor-24349 e-loop-item e-loop-item-25213 post-25213 post type-post status-publish format-standard has-post-thumbnail hentry category-nos-medecins-sexpriment tag-homepage\" data-elementor-post-type=\"elementor_library\" data-custom-edit-handle=\"1\">\n\t\t\t<div class=\"elementor-element elementor-element-19fdb6f0 e-flex e-con-boxed e-con e-parent\" data-id=\"19fdb6f0\" data-element_type=\"container\" data-e-type=\"container\" data-settings=\"{&quot;background_background&quot;:&quot;classic&quot;}\">\n\t\t\t\t\t<div class=\"e-con-inner\">\n\t\t\t\t<div class=\"elementor-element elementor-element-18d59297 elementor-widget__width-inherit elementor-widget elementor-widget-theme-post-featured-image elementor-widget-image\" data-id=\"18d59297\" data-element_type=\"widget\" data-e-type=\"widget\" data-widget_type=\"theme-post-featured-image.default\">\n\t\t\t\t\t\t\t\t\t\t\t\t\t\t\t\t<a href=\"https:\/\/www.centre-ortho.ch\/en\/paris-roubaix-is-much-more-than-a-cycling-race\/\">\n\t\t\t\t\t\t\t<img loading=\"lazy\" decoding=\"async\" width=\"2000\" height=\"1353\" src=\"https:\/\/www.centre-ortho.ch\/wp-content\/uploads\/2026\/05\/paris-roubaix.jpg\" class=\"elementor-animation-grow attachment-full size-full wp-image-25214\" alt=\"\" srcset=\"https:\/\/www.centre-ortho.ch\/wp-content\/uploads\/2026\/05\/paris-roubaix.jpg 2000w, https:\/\/www.centre-ortho.ch\/wp-content\/uploads\/2026\/05\/paris-roubaix-300x203.jpg 300w, https:\/\/www.centre-ortho.ch\/wp-content\/uploads\/2026\/05\/paris-roubaix-1024x693.jpg 1024w, https:\/\/www.centre-ortho.ch\/wp-content\/uploads\/2026\/05\/paris-roubaix-768x520.jpg 768w, https:\/\/www.centre-ortho.ch\/wp-content\/uploads\/2026\/05\/paris-roubaix-1536x1039.jpg 1536w, https:\/\/www.centre-ortho.ch\/wp-content\/uploads\/2026\/05\/paris-roubaix-18x12.jpg 18w\" sizes=\"(max-width: 2000px) 100vw, 2000px\" \/>\t\t\t\t\t\t\t\t<\/a>\n\t\t\t\t\t\t\t\t\t\t\t\t\t\t\t<\/div>\n\t\t<div class=\"elementor-element elementor-element-2ffdb1b e-con-full e-flex e-con e-child\" data-id=\"2ffdb1b\" data-element_type=\"container\" data-e-type=\"container\" data-settings=\"{&quot;background_background&quot;:&quot;classic&quot;}\">\n\t\t<div class=\"elementor-element elementor-element-aa9c400 e-con-full e-flex e-con e-child\" data-id=\"aa9c400\" data-element_type=\"container\" data-e-type=\"container\">\n\t\t\t\t<div class=\"elementor-element elementor-element-698c251 elementor-absolute elementor-widget elementor-widget-image\" data-id=\"698c251\" data-element_type=\"widget\" data-e-type=\"widget\" data-settings=\"{&quot;_position&quot;:&quot;absolute&quot;}\" data-widget_type=\"image.default\">\n\t\t\t\t\t\t\t\t\t\t\t\t\t\t\t\t<a href=\"https:\/\/www.centre-ortho.ch\/en\/paris-roubaix-is-much-more-than-a-cycling-race\/\">\n\t\t\t\t\t\t\t<img loading=\"lazy\" decoding=\"async\" width=\"1024\" height=\"1024\" src=\"https:\/\/www.centre-ortho.ch\/wp-content\/uploads\/2025\/07\/albertazzi_HQ_opti-1024x1024.jpg\" class=\"attachment-large size-large wp-image-17355\" alt=\"Dre Elena Albertazzi - Orthop\u00e9die g\u00e9n\u00e9rale - Lausanne\" srcset=\"https:\/\/www.centre-ortho.ch\/wp-content\/uploads\/2025\/07\/albertazzi_HQ_opti-1024x1024.jpg 1024w, https:\/\/www.centre-ortho.ch\/wp-content\/uploads\/2025\/07\/albertazzi_HQ_opti-300x300.jpg 300w, https:\/\/www.centre-ortho.ch\/wp-content\/uploads\/2025\/07\/albertazzi_HQ_opti-150x150.jpg 150w, https:\/\/www.centre-ortho.ch\/wp-content\/uploads\/2025\/07\/albertazzi_HQ_opti-768x768.jpg 768w, https:\/\/www.centre-ortho.ch\/wp-content\/uploads\/2025\/07\/albertazzi_HQ_opti-1536x1536.jpg 1536w, https:\/\/www.centre-ortho.ch\/wp-content\/uploads\/2025\/07\/albertazzi_HQ_opti.jpg 2016w\" sizes=\"(max-width: 1024px) 100vw, 1024px\" \/>\t\t\t\t\t\t\t\t<\/a>\n\t\t\t\t\t\t\t\t\t\t\t\t\t\t\t<\/div>\n\t\t<div class=\"elementor-element elementor-element-2fbeb80 e-con-full e-flex e-con e-child\" data-id=\"2fbeb80\" data-element_type=\"container\" data-e-type=\"container\">\n\t\t\t\t<div class=\"elementor-element elementor-element-4c41e44 elementor-widget elementor-widget-heading\" data-id=\"4c41e44\" data-element_type=\"widget\" data-e-type=\"widget\" data-widget_type=\"heading.default\">\n\t\t\t\t\t<h4 class=\"elementor-heading-title elementor-size-default\"><a href=\"\/team\/dre-elena-albertazzi\/\">Dre Elena Albertazzi<\/a><\/h4>\t\t\t\t<\/div>\n\t\t\t\t<div class=\"elementor-element elementor-element-59ec2a3 elementor-widget elementor-widget-heading\" data-id=\"59ec2a3\" data-element_type=\"widget\" data-e-type=\"widget\" data-widget_type=\"heading.default\">\n\t\t\t\t\t<h5 class=\"elementor-heading-title elementor-size-default\"><a href=\"\/team\/dre-elena-albertazzi\/\">Chirurgie du membre sup\u00e9rieur<\/a><\/h5>\t\t\t\t<\/div>\n\t\t\t\t<\/div>\n\t\t\t\t<\/div>\n\t\t\t\t<\/div>\n\t\t<div class=\"elementor-element elementor-element-5cf2032e e-con-full vignette-nos-medecins-communiquent e-flex e-con e-child\" data-id=\"5cf2032e\" data-element_type=\"container\" data-e-type=\"container\" data-settings=\"{&quot;background_background&quot;:&quot;classic&quot;}\">\n\t\t\t\t<div class=\"elementor-element elementor-element-44330835 elementor-widget elementor-widget-theme-post-title elementor-page-title elementor-widget-heading\" data-id=\"44330835\" data-element_type=\"widget\" data-e-type=\"widget\" data-widget_type=\"theme-post-title.default\">\n\t\t\t\t\t<h3 class=\"elementor-heading-title elementor-size-default\"><a href=\"https:\/\/www.centre-ortho.ch\/en\/paris-roubaix-is-much-more-than-a-cycling-race\/\">Paris\u2013Roubaix, bien plus qu\u2019une course cycliste<\/a><\/h3>\t\t\t\t<\/div>\n\t\t\t\t<div class=\"elementor-element elementor-element-dd47eb0 elementor-widget elementor-widget-theme-post-excerpt\" data-id=\"dd47eb0\" data-element_type=\"widget\" data-e-type=\"widget\" data-widget_type=\"theme-post-excerpt.default\">\n\t\t\t\t\tLa Paris\u2013Roubaix est bien plus qu\u2019une course cycliste. C\u2019est une \u00e9preuve extr\u00eame qui met \u00e0 l\u2019\u00e9preuve non seulement les coureurs, mais \u00e9galement les m\u00e9caniciens, les soigneurs......\t\t\t\t<\/div>\n\t\t\t\t<\/div>\n\t\t\t\t<div class=\"elementor-element elementor-element-4451ec5f elementor-widget__width-inherit elementor-align-center elementor-hidden-desktop elementor-hidden-tablet elementor-hidden-mobile elementor-widget elementor-widget-button\" data-id=\"4451ec5f\" data-element_type=\"widget\" data-e-type=\"widget\" data-widget_type=\"button.default\">\n\t\t\t\t\t\t\t\t\t\t<a class=\"elementor-button elementor-button-link elementor-size-sm\" href=\"https:\/\/www.centre-ortho.ch\/en\/paris-roubaix-is-much-more-than-a-cycling-race\/\">\n\t\t\t\t\t\t<span class=\"elementor-button-content-wrapper\">\n\t\t\t\t\t\t\t\t\t<span class=\"elementor-button-text\">Voir le profil<\/span>\n\t\t\t\t\t<\/span>\n\t\t\t\t\t<\/a>\n\t\t\t\t\t\t\t\t<\/div>\n\t\t\t\t\t<\/div>\n\t\t\t\t<\/div>\n\t\t\t\t<\/div>\n\t\t\t\t<div data-elementor-type=\"loop-item\" data-elementor-id=\"24349\" class=\"elementor elementor-24349 e-loop-item e-loop-item-24789 post-24789 post type-post status-publish format-standard has-post-thumbnail hentry category-nos-medecins-sexpriment\" data-elementor-post-type=\"elementor_library\" data-custom-edit-handle=\"1\">\n\t\t\t<div class=\"elementor-element elementor-element-19fdb6f0 e-flex e-con-boxed e-con e-parent\" data-id=\"19fdb6f0\" data-element_type=\"container\" data-e-type=\"container\" data-settings=\"{&quot;background_background&quot;:&quot;classic&quot;}\">\n\t\t\t\t\t<div class=\"e-con-inner\">\n\t\t\t\t<div class=\"elementor-element elementor-element-18d59297 elementor-widget__width-inherit elementor-widget elementor-widget-theme-post-featured-image elementor-widget-image\" data-id=\"18d59297\" data-element_type=\"widget\" data-e-type=\"widget\" data-widget_type=\"theme-post-featured-image.default\">\n\t\t\t\t\t\t\t\t\t\t\t\t\t\t\t\t<a href=\"https:\/\/www.centre-ortho.ch\/en\/recurrent-ankle-sprains-and-what-if-the-problem-originated-elsewhere\/\">\n\t\t\t\t\t\t\t<img loading=\"lazy\" decoding=\"async\" width=\"1980\" height=\"1320\" src=\"https:\/\/www.centre-ortho.ch\/wp-content\/uploads\/2026\/02\/entorse_cheville.jpg\" class=\"elementor-animation-grow attachment-full size-full wp-image-24799\" alt=\"\" srcset=\"https:\/\/www.centre-ortho.ch\/wp-content\/uploads\/2026\/02\/entorse_cheville.jpg 1980w, https:\/\/www.centre-ortho.ch\/wp-content\/uploads\/2026\/02\/entorse_cheville-300x200.jpg 300w, https:\/\/www.centre-ortho.ch\/wp-content\/uploads\/2026\/02\/entorse_cheville-1024x683.jpg 1024w, https:\/\/www.centre-ortho.ch\/wp-content\/uploads\/2026\/02\/entorse_cheville-768x512.jpg 768w, https:\/\/www.centre-ortho.ch\/wp-content\/uploads\/2026\/02\/entorse_cheville-1536x1024.jpg 1536w, https:\/\/www.centre-ortho.ch\/wp-content\/uploads\/2026\/02\/entorse_cheville-18x12.jpg 18w\" sizes=\"(max-width: 1980px) 100vw, 1980px\" \/>\t\t\t\t\t\t\t\t<\/a>\n\t\t\t\t\t\t\t\t\t\t\t\t\t\t\t<\/div>\n\t\t<div class=\"elementor-element elementor-element-2ffdb1b e-con-full e-flex e-con e-child\" data-id=\"2ffdb1b\" data-element_type=\"container\" data-e-type=\"container\" data-settings=\"{&quot;background_background&quot;:&quot;classic&quot;}\">\n\t\t<div class=\"elementor-element elementor-element-aa9c400 e-con-full e-flex e-con e-child\" data-id=\"aa9c400\" data-element_type=\"container\" data-e-type=\"container\">\n\t\t\t\t<div class=\"elementor-element elementor-element-698c251 elementor-absolute elementor-widget elementor-widget-image\" data-id=\"698c251\" data-element_type=\"widget\" data-e-type=\"widget\" data-settings=\"{&quot;_position&quot;:&quot;absolute&quot;}\" data-widget_type=\"image.default\">\n\t\t\t\t\t\t\t\t\t\t\t\t\t\t\t\t<a href=\"https:\/\/www.centre-ortho.ch\/en\/recurrent-ankle-sprains-and-what-if-the-problem-originated-elsewhere\/\">\n\t\t\t\t\t\t\t<img loading=\"lazy\" decoding=\"async\" width=\"384\" height=\"384\" src=\"https:\/\/www.centre-ortho.ch\/wp-content\/uploads\/2025\/07\/Photo-Profil-Docteur-Jacques-Vallotton.jpg\" class=\"attachment-large size-large wp-image-5756\" alt=\"\" srcset=\"https:\/\/www.centre-ortho.ch\/wp-content\/uploads\/2025\/07\/Photo-Profil-Docteur-Jacques-Vallotton.jpg 384w, https:\/\/www.centre-ortho.ch\/wp-content\/uploads\/2025\/07\/Photo-Profil-Docteur-Jacques-Vallotton-300x300.jpg 300w, https:\/\/www.centre-ortho.ch\/wp-content\/uploads\/2025\/07\/Photo-Profil-Docteur-Jacques-Vallotton-150x150.jpg 150w\" sizes=\"(max-width: 384px) 100vw, 384px\" \/>\t\t\t\t\t\t\t\t<\/a>\n\t\t\t\t\t\t\t\t\t\t\t\t\t\t\t<\/div>\n\t\t<div class=\"elementor-element elementor-element-2fbeb80 e-con-full e-flex e-con e-child\" data-id=\"2fbeb80\" data-element_type=\"container\" data-e-type=\"container\">\n\t\t\t\t<div class=\"elementor-element elementor-element-4c41e44 elementor-widget elementor-widget-heading\" data-id=\"4c41e44\" data-element_type=\"widget\" data-e-type=\"widget\" data-widget_type=\"heading.default\">\n\t\t\t\t\t<h4 class=\"elementor-heading-title elementor-size-default\"><a href=\"\/dr-jacques-vallotton\/\">Dr Jacques Vallotton<\/a><\/h4>\t\t\t\t<\/div>\n\t\t\t\t<div class=\"elementor-element elementor-element-59ec2a3 elementor-widget elementor-widget-heading\" data-id=\"59ec2a3\" data-element_type=\"widget\" data-e-type=\"widget\" data-widget_type=\"heading.default\">\n\t\t\t\t\t<h5 class=\"elementor-heading-title elementor-size-default\"><a href=\"\/dr-jacques-vallotton\/\">Sp\u00e9cialiste en chirurgie orthop\u00e9dique et traumatologie<\/a><\/h5>\t\t\t\t<\/div>\n\t\t\t\t<\/div>\n\t\t\t\t<\/div>\n\t\t\t\t<\/div>\n\t\t<div class=\"elementor-element elementor-element-5cf2032e e-con-full vignette-nos-medecins-communiquent e-flex e-con e-child\" data-id=\"5cf2032e\" data-element_type=\"container\" data-e-type=\"container\" data-settings=\"{&quot;background_background&quot;:&quot;classic&quot;}\">\n\t\t\t\t<div class=\"elementor-element elementor-element-44330835 elementor-widget elementor-widget-theme-post-title elementor-page-title elementor-widget-heading\" data-id=\"44330835\" data-element_type=\"widget\" data-e-type=\"widget\" data-widget_type=\"theme-post-title.default\">\n\t\t\t\t\t<h3 class=\"elementor-heading-title elementor-size-default\"><a href=\"https:\/\/www.centre-ortho.ch\/en\/recurrent-ankle-sprains-and-what-if-the-problem-originated-elsewhere\/\">Entorse de cheville \u00e0 r\u00e9p\u00e9tition: et si le probl\u00e8me venait d\u2019ailleurs?<\/a><\/h3>\t\t\t\t<\/div>\n\t\t\t\t<div class=\"elementor-element elementor-element-dd47eb0 elementor-widget elementor-widget-theme-post-excerpt\" data-id=\"dd47eb0\" data-element_type=\"widget\" data-e-type=\"widget\" data-widget_type=\"theme-post-excerpt.default\">\n\t\t\t\t\tL\u2019entorse de cheville est le traumatisme le plus fr\u00e9quent en pratique sportive. On la consid\u00e8re souvent comme un accident sans gravit\u00e9, qui gu\u00e9rit tout seul. Pourtant, dans 15...\t\t\t\t<\/div>\n\t\t\t\t<\/div>\n\t\t\t\t<div class=\"elementor-element elementor-element-4451ec5f elementor-widget__width-inherit elementor-align-center elementor-hidden-desktop elementor-hidden-tablet elementor-hidden-mobile elementor-widget elementor-widget-button\" data-id=\"4451ec5f\" data-element_type=\"widget\" data-e-type=\"widget\" data-widget_type=\"button.default\">\n\t\t\t\t\t\t\t\t\t\t<a class=\"elementor-button elementor-button-link elementor-size-sm\" href=\"https:\/\/www.centre-ortho.ch\/en\/recurrent-ankle-sprains-and-what-if-the-problem-originated-elsewhere\/\">\n\t\t\t\t\t\t<span class=\"elementor-button-content-wrapper\">\n\t\t\t\t\t\t\t\t\t<span class=\"elementor-button-text\">Voir le profil<\/span>\n\t\t\t\t\t<\/span>\n\t\t\t\t\t<\/a>\n\t\t\t\t\t\t\t\t<\/div>\n\t\t\t\t\t<\/div>\n\t\t\t\t<\/div>\n\t\t\t\t<\/div>\n\t\t\t\t<div data-elementor-type=\"loop-item\" data-elementor-id=\"24349\" class=\"elementor elementor-24349 e-loop-item e-loop-item-24397 post-24397 post type-post status-publish format-standard has-post-thumbnail hentry category-nos-medecins-sexpriment\" data-elementor-post-type=\"elementor_library\" data-custom-edit-handle=\"1\">\n\t\t\t<div class=\"elementor-element elementor-element-19fdb6f0 e-flex e-con-boxed e-con e-parent\" data-id=\"19fdb6f0\" data-element_type=\"container\" data-e-type=\"container\" data-settings=\"{&quot;background_background&quot;:&quot;classic&quot;}\">\n\t\t\t\t\t<div class=\"e-con-inner\">\n\t\t\t\t<div class=\"elementor-element elementor-element-18d59297 elementor-widget__width-inherit elementor-widget elementor-widget-theme-post-featured-image elementor-widget-image\" data-id=\"18d59297\" data-element_type=\"widget\" data-e-type=\"widget\" data-widget_type=\"theme-post-featured-image.default\">\n\t\t\t\t\t\t\t\t\t\t\t\t\t\t\t\t<a href=\"https:\/\/www.centre-ortho.ch\/en\/acute-mountain-sickness\/\">\n\t\t\t\t\t\t\t<img loading=\"lazy\" decoding=\"async\" width=\"1348\" height=\"899\" src=\"https:\/\/www.centre-ortho.ch\/wp-content\/uploads\/2026\/02\/mal_des_montagnes.jpg\" class=\"elementor-animation-grow attachment-full size-full wp-image-24514\" alt=\"\" srcset=\"https:\/\/www.centre-ortho.ch\/wp-content\/uploads\/2026\/02\/mal_des_montagnes.jpg 1348w, https:\/\/www.centre-ortho.ch\/wp-content\/uploads\/2026\/02\/mal_des_montagnes-300x200.jpg 300w, https:\/\/www.centre-ortho.ch\/wp-content\/uploads\/2026\/02\/mal_des_montagnes-1024x683.jpg 1024w, https:\/\/www.centre-ortho.ch\/wp-content\/uploads\/2026\/02\/mal_des_montagnes-768x512.jpg 768w, https:\/\/www.centre-ortho.ch\/wp-content\/uploads\/2026\/02\/mal_des_montagnes-18x12.jpg 18w\" sizes=\"(max-width: 1348px) 100vw, 1348px\" \/>\t\t\t\t\t\t\t\t<\/a>\n\t\t\t\t\t\t\t\t\t\t\t\t\t\t\t<\/div>\n\t\t<div class=\"elementor-element elementor-element-2ffdb1b e-con-full e-flex e-con e-child\" data-id=\"2ffdb1b\" data-element_type=\"container\" data-e-type=\"container\" data-settings=\"{&quot;background_background&quot;:&quot;classic&quot;}\">\n\t\t<div class=\"elementor-element elementor-element-aa9c400 e-con-full e-flex e-con e-child\" data-id=\"aa9c400\" data-element_type=\"container\" data-e-type=\"container\">\n\t\t\t\t<div class=\"elementor-element elementor-element-698c251 elementor-absolute elementor-widget elementor-widget-image\" data-id=\"698c251\" data-element_type=\"widget\" data-e-type=\"widget\" data-settings=\"{&quot;_position&quot;:&quot;absolute&quot;}\" data-widget_type=\"image.default\">\n\t\t\t\t\t\t\t\t\t\t\t\t\t\t\t\t<a href=\"https:\/\/www.centre-ortho.ch\/en\/acute-mountain-sickness\/\">\n\t\t\t\t\t\t\t<img decoding=\"async\" width=\"660\" height=\"660\" src=\"https:\/\/www.centre-ortho.ch\/wp-content\/uploads\/2025\/10\/Dre-Amelie-Ammann-Orthopedie-generale-1.jpg\" class=\"attachment-large size-large wp-image-23756\" alt=\"\" srcset=\"https:\/\/www.centre-ortho.ch\/wp-content\/uploads\/2025\/10\/Dre-Amelie-Ammann-Orthopedie-generale-1.jpg 660w, https:\/\/www.centre-ortho.ch\/wp-content\/uploads\/2025\/10\/Dre-Amelie-Ammann-Orthopedie-generale-1-300x300.jpg 300w, https:\/\/www.centre-ortho.ch\/wp-content\/uploads\/2025\/10\/Dre-Amelie-Ammann-Orthopedie-generale-1-150x150.jpg 150w, https:\/\/www.centre-ortho.ch\/wp-content\/uploads\/2025\/10\/Dre-Amelie-Ammann-Orthopedie-generale-1-12x12.jpg 12w\" sizes=\"(max-width: 660px) 100vw, 660px\" \/>\t\t\t\t\t\t\t\t<\/a>\n\t\t\t\t\t\t\t\t\t\t\t\t\t\t\t<\/div>\n\t\t<div class=\"elementor-element elementor-element-2fbeb80 e-con-full e-flex e-con e-child\" data-id=\"2fbeb80\" data-element_type=\"container\" data-e-type=\"container\">\n\t\t\t\t<div class=\"elementor-element elementor-element-4c41e44 elementor-widget elementor-widget-heading\" data-id=\"4c41e44\" data-element_type=\"widget\" data-e-type=\"widget\" data-widget_type=\"heading.default\">\n\t\t\t\t\t<h4 class=\"elementor-heading-title elementor-size-default\"><a href=\"\/team\/dre-amelie-ammann\/\">Dre Am\u00e9lie Ammann<\/a><\/h4>\t\t\t\t<\/div>\n\t\t\t\t<div class=\"elementor-element elementor-element-59ec2a3 elementor-widget elementor-widget-heading\" data-id=\"59ec2a3\" data-element_type=\"widget\" data-e-type=\"widget\" data-widget_type=\"heading.default\">\n\t\t\t\t\t<h5 class=\"elementor-heading-title elementor-size-default\"><a href=\"\/team\/dre-amelie-ammann\/\">M\u00e9decin du sport<\/a><\/h5>\t\t\t\t<\/div>\n\t\t\t\t<\/div>\n\t\t\t\t<\/div>\n\t\t\t\t<\/div>\n\t\t<div class=\"elementor-element elementor-element-5cf2032e e-con-full vignette-nos-medecins-communiquent e-flex e-con e-child\" data-id=\"5cf2032e\" data-element_type=\"container\" data-e-type=\"container\" data-settings=\"{&quot;background_background&quot;:&quot;classic&quot;}\">\n\t\t\t\t<div class=\"elementor-element elementor-element-44330835 elementor-widget elementor-widget-theme-post-title elementor-page-title elementor-widget-heading\" data-id=\"44330835\" data-element_type=\"widget\" data-e-type=\"widget\" data-widget_type=\"theme-post-title.default\">\n\t\t\t\t\t<h3 class=\"elementor-heading-title elementor-size-default\"><a href=\"https:\/\/www.centre-ortho.ch\/en\/acute-mountain-sickness\/\">Le mal aigu des montagnes<\/a><\/h3>\t\t\t\t<\/div>\n\t\t\t\t<div class=\"elementor-element elementor-element-dd47eb0 elementor-widget elementor-widget-theme-post-excerpt\" data-id=\"dd47eb0\" data-element_type=\"widget\" data-e-type=\"widget\" data-widget_type=\"theme-post-excerpt.default\">\n\t\t\t\t\tM\u00e9decin dipl\u00f4m\u00e9e en M\u00e9decine Physique et de R\u00e9adaptation, j\u2019ai construit mon parcours autour d\u2019un int\u00e9r\u00eat constant pour le mouvement, la performance et l\u2019adaptation du corps humain \u00e0 des...\t\t\t\t<\/div>\n\t\t\t\t<\/div>\n\t\t\t\t<div class=\"elementor-element elementor-element-4451ec5f elementor-widget__width-inherit elementor-align-center elementor-hidden-desktop elementor-hidden-tablet elementor-hidden-mobile elementor-widget elementor-widget-button\" data-id=\"4451ec5f\" data-element_type=\"widget\" data-e-type=\"widget\" data-widget_type=\"button.default\">\n\t\t\t\t\t\t\t\t\t\t<a class=\"elementor-button elementor-button-link elementor-size-sm\" href=\"https:\/\/www.centre-ortho.ch\/en\/acute-mountain-sickness\/\">\n\t\t\t\t\t\t<span class=\"elementor-button-content-wrapper\">\n\t\t\t\t\t\t\t\t\t<span class=\"elementor-button-text\">Voir le profil<\/span>\n\t\t\t\t\t<\/span>\n\t\t\t\t\t<\/a>\n\t\t\t\t\t\t\t\t<\/div>\n\t\t\t\t\t<\/div>\n\t\t\t\t<\/div>\n\t\t\t\t<\/div>\n\t\t\t\t<div data-elementor-type=\"loop-item\" data-elementor-id=\"24349\" class=\"elementor elementor-24349 e-loop-item e-loop-item-24046 post-24046 post type-post status-publish format-standard has-post-thumbnail hentry category-nos-medecins-sexpriment\" data-elementor-post-type=\"elementor_library\" data-custom-edit-handle=\"1\">\n\t\t\t<div class=\"elementor-element elementor-element-19fdb6f0 e-flex e-con-boxed e-con e-parent\" data-id=\"19fdb6f0\" data-element_type=\"container\" data-e-type=\"container\" data-settings=\"{&quot;background_background&quot;:&quot;classic&quot;}\">\n\t\t\t\t\t<div class=\"e-con-inner\">\n\t\t\t\t<div class=\"elementor-element elementor-element-18d59297 elementor-widget__width-inherit elementor-widget elementor-widget-theme-post-featured-image elementor-widget-image\" data-id=\"18d59297\" data-element_type=\"widget\" data-e-type=\"widget\" data-widget_type=\"theme-post-featured-image.default\">\n\t\t\t\t\t\t\t\t\t\t\t\t\t\t\t\t<a href=\"https:\/\/www.centre-ortho.ch\/en\/to-be-a-team-doctor-for-a-hockey-team\/\">\n\t\t\t\t\t\t\t<img loading=\"lazy\" decoding=\"async\" width=\"1200\" height=\"600\" src=\"https:\/\/www.centre-ortho.ch\/wp-content\/uploads\/2026\/01\/hockey-1.jpg\" class=\"elementor-animation-grow attachment-full size-full wp-image-24049\" alt=\"\" srcset=\"https:\/\/www.centre-ortho.ch\/wp-content\/uploads\/2026\/01\/hockey-1.jpg 1200w, https:\/\/www.centre-ortho.ch\/wp-content\/uploads\/2026\/01\/hockey-1-300x150.jpg 300w, https:\/\/www.centre-ortho.ch\/wp-content\/uploads\/2026\/01\/hockey-1-1024x512.jpg 1024w, https:\/\/www.centre-ortho.ch\/wp-content\/uploads\/2026\/01\/hockey-1-768x384.jpg 768w, https:\/\/www.centre-ortho.ch\/wp-content\/uploads\/2026\/01\/hockey-1-18x9.jpg 18w\" sizes=\"(max-width: 1200px) 100vw, 1200px\" \/>\t\t\t\t\t\t\t\t<\/a>\n\t\t\t\t\t\t\t\t\t\t\t\t\t\t\t<\/div>\n\t\t<div class=\"elementor-element elementor-element-2ffdb1b e-con-full e-flex e-con e-child\" data-id=\"2ffdb1b\" data-element_type=\"container\" data-e-type=\"container\" data-settings=\"{&quot;background_background&quot;:&quot;classic&quot;}\">\n\t\t<div class=\"elementor-element elementor-element-aa9c400 e-con-full e-flex e-con e-child\" data-id=\"aa9c400\" data-element_type=\"container\" data-e-type=\"container\">\n\t\t\t\t<div class=\"elementor-element elementor-element-698c251 elementor-absolute elementor-widget elementor-widget-image\" data-id=\"698c251\" data-element_type=\"widget\" data-e-type=\"widget\" data-settings=\"{&quot;_position&quot;:&quot;absolute&quot;}\" data-widget_type=\"image.default\">\n\t\t\t\t\t\t\t\t\t\t\t\t\t\t\t\t<a href=\"https:\/\/www.centre-ortho.ch\/en\/to-be-a-team-doctor-for-a-hockey-team\/\">\n\t\t\t\t\t\t\t<img loading=\"lazy\" decoding=\"async\" width=\"1024\" height=\"1024\" src=\"https:\/\/www.centre-ortho.ch\/wp-content\/uploads\/2025\/07\/albertazzi_HQ_opti-1024x1024.jpg\" class=\"attachment-large size-large wp-image-17355\" alt=\"Dre Elena Albertazzi - Orthop\u00e9die g\u00e9n\u00e9rale - Lausanne\" srcset=\"https:\/\/www.centre-ortho.ch\/wp-content\/uploads\/2025\/07\/albertazzi_HQ_opti-1024x1024.jpg 1024w, https:\/\/www.centre-ortho.ch\/wp-content\/uploads\/2025\/07\/albertazzi_HQ_opti-300x300.jpg 300w, https:\/\/www.centre-ortho.ch\/wp-content\/uploads\/2025\/07\/albertazzi_HQ_opti-150x150.jpg 150w, https:\/\/www.centre-ortho.ch\/wp-content\/uploads\/2025\/07\/albertazzi_HQ_opti-768x768.jpg 768w, https:\/\/www.centre-ortho.ch\/wp-content\/uploads\/2025\/07\/albertazzi_HQ_opti-1536x1536.jpg 1536w, https:\/\/www.centre-ortho.ch\/wp-content\/uploads\/2025\/07\/albertazzi_HQ_opti.jpg 2016w\" sizes=\"(max-width: 1024px) 100vw, 1024px\" \/>\t\t\t\t\t\t\t\t<\/a>\n\t\t\t\t\t\t\t\t\t\t\t\t\t\t\t<\/div>\n\t\t<div class=\"elementor-element elementor-element-2fbeb80 e-con-full e-flex e-con e-child\" data-id=\"2fbeb80\" data-element_type=\"container\" data-e-type=\"container\">\n\t\t\t\t<div class=\"elementor-element elementor-element-4c41e44 elementor-widget elementor-widget-heading\" data-id=\"4c41e44\" data-element_type=\"widget\" data-e-type=\"widget\" data-widget_type=\"heading.default\">\n\t\t\t\t\t<h4 class=\"elementor-heading-title elementor-size-default\"><a href=\"\/team\/dre-elena-albertazzi\/\">Dre Elena Albertazzi<\/a><\/h4>\t\t\t\t<\/div>\n\t\t\t\t<div class=\"elementor-element elementor-element-59ec2a3 elementor-widget elementor-widget-heading\" data-id=\"59ec2a3\" data-element_type=\"widget\" data-e-type=\"widget\" data-widget_type=\"heading.default\">\n\t\t\t\t\t<h5 class=\"elementor-heading-title elementor-size-default\"><a href=\"\/team\/dre-elena-albertazzi\/\">Orthop\u00e9die g\u00e9n\u00e9rale<\/a><\/h5>\t\t\t\t<\/div>\n\t\t\t\t<\/div>\n\t\t\t\t<\/div>\n\t\t\t\t<\/div>\n\t\t<div class=\"elementor-element elementor-element-5cf2032e e-con-full vignette-nos-medecins-communiquent e-flex e-con e-child\" data-id=\"5cf2032e\" data-element_type=\"container\" data-e-type=\"container\" data-settings=\"{&quot;background_background&quot;:&quot;classic&quot;}\">\n\t\t\t\t<div class=\"elementor-element elementor-element-44330835 elementor-widget elementor-widget-theme-post-title elementor-page-title elementor-widget-heading\" data-id=\"44330835\" data-element_type=\"widget\" data-e-type=\"widget\" data-widget_type=\"theme-post-title.default\">\n\t\t\t\t\t<h3 class=\"elementor-heading-title elementor-size-default\"><a href=\"https:\/\/www.centre-ortho.ch\/en\/to-be-a-team-doctor-for-a-hockey-team\/\">\u00catre m\u00e9decin d\u2019une \u00e9quipe de hockey<\/a><\/h3>\t\t\t\t<\/div>\n\t\t\t\t<div class=\"elementor-element elementor-element-dd47eb0 elementor-widget elementor-widget-theme-post-excerpt\" data-id=\"dd47eb0\" data-element_type=\"widget\" data-e-type=\"widget\" data-widget_type=\"theme-post-excerpt.default\">\n\t\t\t\t\t\u00catre m\u00e9decin d\u2019une \u00e9quipe de hockey sur glace, c\u2019est \u00e9voluer \u00e0 l\u2019interface entre m\u00e9decine, sport de haut niveau et r\u00e9alit\u00e9 du terrain. Dans un sport aussi intense, rapide...\t\t\t\t<\/div>\n\t\t\t\t<\/div>\n\t\t\t\t<div class=\"elementor-element elementor-element-4451ec5f elementor-widget__width-inherit elementor-align-center elementor-hidden-desktop elementor-hidden-tablet elementor-hidden-mobile elementor-widget elementor-widget-button\" data-id=\"4451ec5f\" data-element_type=\"widget\" data-e-type=\"widget\" data-widget_type=\"button.default\">\n\t\t\t\t\t\t\t\t\t\t<a class=\"elementor-button elementor-button-link elementor-size-sm\" href=\"https:\/\/www.centre-ortho.ch\/en\/to-be-a-team-doctor-for-a-hockey-team\/\">\n\t\t\t\t\t\t<span class=\"elementor-button-content-wrapper\">\n\t\t\t\t\t\t\t\t\t<span class=\"elementor-button-text\">Voir le profil<\/span>\n\t\t\t\t\t<\/span>\n\t\t\t\t\t<\/a>\n\t\t\t\t\t\t\t\t<\/div>\n\t\t\t\t\t<\/div>\n\t\t\t\t<\/div>\n\t\t\t\t<\/div>\n\t\t\t\t<\/div>\n\t\t\n\t\t\t\t\t\t<\/div>\n\t\t\t\t<\/div>\n\t\t\t\t<\/div>\n\t\t\t\t\t<\/div>\n\t\t\t\t<\/div>\n\t\t\t\t<\/div>\n\t\t","protected":false},"excerpt":{"rendered":"<p>Nos m\u00e9decins s&rsquo;expriment Ce centre accr\u00e9dit\u00e9 par la FMH et la SEMS pour la formation en chirurgie orthop\u00e9dique et m\u00e9decine du sport est le fruit d\u2019un partenariat avec Hirslanden Clinique Bois-Cerf. Le Centre Orthop\u00e9dique d\u2019Ouchy accueille en son sein des m\u00e9decins d\u00e9j\u00e0 titulaires d\u2019un titre FMH en orthop\u00e9die pour une formation sp\u00e9cialis\u00e9e (hanche, genou, \u00e9paule, [&hellip;]<\/p>\n","protected":false},"author":2,"featured_media":0,"parent":0,"menu_order":0,"comment_status":"closed","ping_status":"closed","template":"","meta":{"_acf_changed":false,"inline_featured_image":false,"footnotes":""},"categories":[],"tags":[],"class_list":["post-25874","page","type-page","status-publish","hentry"],"acf":[],"_links":{"self":[{"href":"https:\/\/www.centre-ortho.ch\/en\/wp-json\/wp\/v2\/pages\/25874","targetHints":{"allow":["GET"]}}],"collection":[{"href":"https:\/\/www.centre-ortho.ch\/en\/wp-json\/wp\/v2\/pages"}],"about":[{"href":"https:\/\/www.centre-ortho.ch\/en\/wp-json\/wp\/v2\/types\/page"}],"author":[{"embeddable":true,"href":"https:\/\/www.centre-ortho.ch\/en\/wp-json\/wp\/v2\/users\/2"}],"replies":[{"embeddable":true,"href":"https:\/\/www.centre-ortho.ch\/en\/wp-json\/wp\/v2\/comments?post=25874"}],"version-history":[{"count":2,"href":"https:\/\/www.centre-ortho.ch\/en\/wp-json\/wp\/v2\/pages\/25874\/revisions"}],"predecessor-version":[{"id":25890,"href":"https:\/\/www.centre-ortho.ch\/en\/wp-json\/wp\/v2\/pages\/25874\/revisions\/25890"}],"wp:attachment":[{"href":"https:\/\/www.centre-ortho.ch\/en\/wp-json\/wp\/v2\/media?parent=25874"}],"wp:term":[{"taxonomy":"category","embeddable":true,"href":"https:\/\/www.centre-ortho.ch\/en\/wp-json\/wp\/v2\/categories?post=25874"},{"taxonomy":"post_tag","embeddable":true,"href":"https:\/\/www.centre-ortho.ch\/en\/wp-json\/wp\/v2\/tags?post=25874"}],"curies":[{"name":"wp","href":"https:\/\/api.w.org\/{rel}","templated":true}]}}